{"id":3065,"date":"2016-04-11T09:40:21","date_gmt":"2016-04-11T07:40:21","guid":{"rendered":"http:\/\/www.latiendadefotos.com\/producto\/cae-la-tarde-en-malaga-y-al-fondo-los-montes-de-africa\/"},"modified":"2016-04-11T09:43:21","modified_gmt":"2016-04-11T07:43:21","slug":"cae-la-tarde-en-malaga-y-al-fondo-los-montes-de-africa","status":"publish","type":"product","link":"https:\/\/www.carloscastrofotografo.com\/tienda\/producto\/cae-la-tarde-en-malaga-y-al-fondo-los-montes-de-africa\/","title":{"rendered":"Cae la tarde en M\u00e1laga y al fondo, los montes de \u00c1frica"},"content":{"rendered":"<p>Esta fotograf\u00eda horizontal se puede comprar en dos acabados:<\/p>\n<ul>\n<li>Papel fotogr\u00e1fico mate de alta calidad para enmarcar<\/li>\n<li>Montada sobre Foam con part\u00edculas de aluminio de 1cm de Grosor (No hace falta enmarcar)<\/li>\n<\/ul>\n<p>Si necesita otro tama\u00f1o o acabado que no aparece en las opciones de compra, puede enviar un correo a info@latiendadefotos.com o rellenar el formulario del apartado contactar.<\/p>\n","protected":false},"excerpt":{"rendered":"<p>En esta foto de un colorido atardecer desde la carretera de los montes de M\u00e1laga, vemos la capital con las luces artificiales recien encendidas, pero lo m\u00e1s impresionante es poder visualizar al fondo perfectamente el estrecho de Gibraltar (A la izquierda los montes de \u00c1frica y a la derecha podemos ver el pe\u00f1\u00f3n de Gibraltar<\/p>\n","protected":false},"featured_media":3074,"comment_status":"open","ping_status":"closed","template":"","meta":[],"product_cat":[41,40],"product_tag":[214,106,66,200,73,193,201,69,70,76,75,215,89,213,212,71,68,105,142,141,72,67,205,104],"class_list":{"0":"post-3065","1":"product","2":"type-product","3":"status-publish","4":"has-post-thumbnail","6":"product_cat-ciudades","7":"product_cat-paisajes","8":"product_tag-africa","9":"product_tag-amarillo","10":"product_tag-atardecer","11":"product_tag-capital","12":"product_tag-cielo","13":"product_tag-city","14":"product_tag-ciudad","15":"product_tag-clouds","16":"product_tag-fuego","17":"product_tag-horizontal","18":"product_tag-landscape","19":"product_tag-luces","20":"product_tag-malaga","21":"product_tag-montanas","22":"product_tag-montes","23":"product_tag-naranja","24":"product_tag-nubes","25":"product_tag-orange","26":"product_tag-red","27":"product_tag-rojo","28":"product_tag-sky","29":"product_tag-sunset","30":"product_tag-tree","31":"product_tag-yellow","33":"first","34":"instock","35":"featured","36":"taxable","37":"shipping-taxable","38":"purchasable","39":"product-type-variable"},"yoast_head":"<!-- This site is optimized with the Yoast SEO plugin v23.5 - https:\/\/yoast.com\/wordpress\/plugins\/seo\/ -->\n<title>Cae la tarde en M\u00e1laga y al fondo, los montes de \u00c1frica - La Tienda de Carlos Castro Fot\u00f3grafo:: Decora con Fotos<\/title>\n<meta name=\"robots\" content=\"index, follow, max-snippet:-1, max-image-preview:large, max-video-preview:-1\" \/>\n<link rel=\"canonical\" href=\"https:\/\/www.carloscastrofotografo.com\/tienda\/producto\/cae-la-tarde-en-malaga-y-al-fondo-los-montes-de-africa\/\" \/>\n<meta property=\"og:locale\" content=\"es_ES\" \/>\n<meta property=\"og:type\" content=\"article\" \/>\n<meta property=\"og:title\" content=\"Cae la tarde en M\u00e1laga y al fondo, los montes de \u00c1frica - La Tienda de Carlos Castro Fot\u00f3grafo:: Decora con Fotos\" \/>\n<meta property=\"og:description\" content=\"En esta foto de un colorido atardecer desde la carretera de los montes de M\u00e1laga, vemos la capital con las luces artificiales recien encendidas, pero lo m\u00e1s impresionante es poder visualizar al fondo perfectamente el estrecho de Gibraltar (A la izquierda los montes de \u00c1frica y a la derecha podemos ver el pe\u00f1\u00f3n de Gibraltar\" \/>\n<meta property=\"og:url\" content=\"https:\/\/www.carloscastrofotografo.com\/tienda\/producto\/cae-la-tarde-en-malaga-y-al-fondo-los-montes-de-africa\/\" \/>\n<meta property=\"og:site_name\" content=\"La Tienda de Carlos Castro Fot\u00f3grafo:: Decora con Fotos\" \/>\n<meta property=\"article:modified_time\" content=\"2016-04-11T07:43:21+00:00\" \/>\n<meta property=\"og:image\" content=\"https:\/\/www.carloscastrofotografo.com\/tienda\/wp-content\/uploads\/2016\/04\/malaga-montes-africa.jpg\" \/>\n\t<meta property=\"og:image:width\" content=\"1020\" \/>\n\t<meta property=\"og:image:height\" content=\"1200\" \/>\n\t<meta property=\"og:image:type\" content=\"image\/jpeg\" \/>\n<meta name=\"twitter:card\" content=\"summary_large_image\" \/>\n<script type=\"application\/ld+json\" class=\"yoast-schema-graph\">{\"@context\":\"https:\/\/schema.org\",\"@graph\":[{\"@type\":\"WebPage\",\"@id\":\"https:\/\/www.carloscastrofotografo.com\/tienda\/producto\/cae-la-tarde-en-malaga-y-al-fondo-los-montes-de-africa\/\",\"url\":\"https:\/\/www.carloscastrofotografo.com\/tienda\/producto\/cae-la-tarde-en-malaga-y-al-fondo-los-montes-de-africa\/\",\"name\":\"Cae la tarde en M\u00e1laga y al fondo, los montes de \u00c1frica - La Tienda de Carlos Castro Fot\u00f3grafo:: Decora con Fotos\",\"isPartOf\":{\"@id\":\"https:\/\/www.carloscastrofotografo.com\/tienda\/#website\"},\"primaryImageOfPage\":{\"@id\":\"https:\/\/www.carloscastrofotografo.com\/tienda\/producto\/cae-la-tarde-en-malaga-y-al-fondo-los-montes-de-africa\/#primaryimage\"},\"image\":{\"@id\":\"https:\/\/www.carloscastrofotografo.com\/tienda\/producto\/cae-la-tarde-en-malaga-y-al-fondo-los-montes-de-africa\/#primaryimage\"},\"thumbnailUrl\":\"https:\/\/www.carloscastrofotografo.com\/tienda\/wp-content\/uploads\/2016\/04\/malaga-montes-africa.jpg\",\"datePublished\":\"2016-04-11T07:40:21+00:00\",\"dateModified\":\"2016-04-11T07:43:21+00:00\",\"breadcrumb\":{\"@id\":\"https:\/\/www.carloscastrofotografo.com\/tienda\/producto\/cae-la-tarde-en-malaga-y-al-fondo-los-montes-de-africa\/#breadcrumb\"},\"inLanguage\":\"es\",\"potentialAction\":[{\"@type\":\"ReadAction\",\"target\":[\"https:\/\/www.carloscastrofotografo.com\/tienda\/producto\/cae-la-tarde-en-malaga-y-al-fondo-los-montes-de-africa\/\"]}]},{\"@type\":\"ImageObject\",\"inLanguage\":\"es\",\"@id\":\"https:\/\/www.carloscastrofotografo.com\/tienda\/producto\/cae-la-tarde-en-malaga-y-al-fondo-los-montes-de-africa\/#primaryimage\",\"url\":\"https:\/\/www.carloscastrofotografo.com\/tienda\/wp-content\/uploads\/2016\/04\/malaga-montes-africa.jpg\",\"contentUrl\":\"https:\/\/www.carloscastrofotografo.com\/tienda\/wp-content\/uploads\/2016\/04\/malaga-montes-africa.jpg\",\"width\":1020,\"height\":1200},{\"@type\":\"BreadcrumbList\",\"@id\":\"https:\/\/www.carloscastrofotografo.com\/tienda\/producto\/cae-la-tarde-en-malaga-y-al-fondo-los-montes-de-africa\/#breadcrumb\",\"itemListElement\":[{\"@type\":\"ListItem\",\"position\":1,\"name\":\"Portada\",\"item\":\"https:\/\/www.carloscastrofotografo.com\/tienda\/\"},{\"@type\":\"ListItem\",\"position\":2,\"name\":\"Tienda\",\"item\":\"https:\/\/www.carloscastrofotografo.com\/tienda\/tienda\/\"},{\"@type\":\"ListItem\",\"position\":3,\"name\":\"Cae la tarde en M\u00e1laga y al fondo, los montes de \u00c1frica\"}]},{\"@type\":\"WebSite\",\"@id\":\"https:\/\/www.carloscastrofotografo.com\/tienda\/#website\",\"url\":\"https:\/\/www.carloscastrofotografo.com\/tienda\/\",\"name\":\"La Tienda de Carlos Castro Fot\u00f3grafo:: Decora con Fotos\",\"description\":\"Fotograf\u00edas de Stock para tu web o en papel para decorar, distintos acabados\",\"potentialAction\":[{\"@type\":\"SearchAction\",\"target\":{\"@type\":\"EntryPoint\",\"urlTemplate\":\"https:\/\/www.carloscastrofotografo.com\/tienda\/?s={search_term_string}\"},\"query-input\":{\"@type\":\"PropertyValueSpecification\",\"valueRequired\":true,\"valueName\":\"search_term_string\"}}],\"inLanguage\":\"es\"}]}<\/script>\n<!-- \/ Yoast SEO plugin. -->","yoast_head_json":{"title":"Cae la tarde en M\u00e1laga y al fondo, los montes de \u00c1frica - La Tienda de Carlos Castro Fot\u00f3grafo:: Decora con Fotos","robots":{"index":"index","follow":"follow","max-snippet":"max-snippet:-1","max-image-preview":"max-image-preview:large","max-video-preview":"max-video-preview:-1"},"canonical":"https:\/\/www.carloscastrofotografo.com\/tienda\/producto\/cae-la-tarde-en-malaga-y-al-fondo-los-montes-de-africa\/","og_locale":"es_ES","og_type":"article","og_title":"Cae la tarde en M\u00e1laga y al fondo, los montes de \u00c1frica - La Tienda de Carlos Castro Fot\u00f3grafo:: Decora con Fotos","og_description":"En esta foto de un colorido atardecer desde la carretera de los montes de M\u00e1laga, vemos la capital con las luces artificiales recien encendidas, pero lo m\u00e1s impresionante es poder visualizar al fondo perfectamente el estrecho de Gibraltar (A la izquierda los montes de \u00c1frica y a la derecha podemos ver el pe\u00f1\u00f3n de Gibraltar","og_url":"https:\/\/www.carloscastrofotografo.com\/tienda\/producto\/cae-la-tarde-en-malaga-y-al-fondo-los-montes-de-africa\/","og_site_name":"La Tienda de Carlos Castro Fot\u00f3grafo:: Decora con Fotos","article_modified_time":"2016-04-11T07:43:21+00:00","og_image":[{"width":1020,"height":1200,"url":"https:\/\/www.carloscastrofotografo.com\/tienda\/wp-content\/uploads\/2016\/04\/malaga-montes-africa.jpg","type":"image\/jpeg"}],"twitter_card":"summary_large_image","schema":{"@context":"https:\/\/schema.org","@graph":[{"@type":"WebPage","@id":"https:\/\/www.carloscastrofotografo.com\/tienda\/producto\/cae-la-tarde-en-malaga-y-al-fondo-los-montes-de-africa\/","url":"https:\/\/www.carloscastrofotografo.com\/tienda\/producto\/cae-la-tarde-en-malaga-y-al-fondo-los-montes-de-africa\/","name":"Cae la tarde en M\u00e1laga y al fondo, los montes de \u00c1frica - La Tienda de Carlos Castro Fot\u00f3grafo:: Decora con Fotos","isPartOf":{"@id":"https:\/\/www.carloscastrofotografo.com\/tienda\/#website"},"primaryImageOfPage":{"@id":"https:\/\/www.carloscastrofotografo.com\/tienda\/producto\/cae-la-tarde-en-malaga-y-al-fondo-los-montes-de-africa\/#primaryimage"},"image":{"@id":"https:\/\/www.carloscastrofotografo.com\/tienda\/producto\/cae-la-tarde-en-malaga-y-al-fondo-los-montes-de-africa\/#primaryimage"},"thumbnailUrl":"https:\/\/www.carloscastrofotografo.com\/tienda\/wp-content\/uploads\/2016\/04\/malaga-montes-africa.jpg","datePublished":"2016-04-11T07:40:21+00:00","dateModified":"2016-04-11T07:43:21+00:00","breadcrumb":{"@id":"https:\/\/www.carloscastrofotografo.com\/tienda\/producto\/cae-la-tarde-en-malaga-y-al-fondo-los-montes-de-africa\/#breadcrumb"},"inLanguage":"es","potentialAction":[{"@type":"ReadAction","target":["https:\/\/www.carloscastrofotografo.com\/tienda\/producto\/cae-la-tarde-en-malaga-y-al-fondo-los-montes-de-africa\/"]}]},{"@type":"ImageObject","inLanguage":"es","@id":"https:\/\/www.carloscastrofotografo.com\/tienda\/producto\/cae-la-tarde-en-malaga-y-al-fondo-los-montes-de-africa\/#primaryimage","url":"https:\/\/www.carloscastrofotografo.com\/tienda\/wp-content\/uploads\/2016\/04\/malaga-montes-africa.jpg","contentUrl":"https:\/\/www.carloscastrofotografo.com\/tienda\/wp-content\/uploads\/2016\/04\/malaga-montes-africa.jpg","width":1020,"height":1200},{"@type":"BreadcrumbList","@id":"https:\/\/www.carloscastrofotografo.com\/tienda\/producto\/cae-la-tarde-en-malaga-y-al-fondo-los-montes-de-africa\/#breadcrumb","itemListElement":[{"@type":"ListItem","position":1,"name":"Portada","item":"https:\/\/www.carloscastrofotografo.com\/tienda\/"},{"@type":"ListItem","position":2,"name":"Tienda","item":"https:\/\/www.carloscastrofotografo.com\/tienda\/tienda\/"},{"@type":"ListItem","position":3,"name":"Cae la tarde en M\u00e1laga y al fondo, los montes de \u00c1frica"}]},{"@type":"WebSite","@id":"https:\/\/www.carloscastrofotografo.com\/tienda\/#website","url":"https:\/\/www.carloscastrofotografo.com\/tienda\/","name":"La Tienda de Carlos Castro Fot\u00f3grafo:: Decora con Fotos","description":"Fotograf\u00edas de Stock para tu web o en papel para decorar, distintos acabados","potentialAction":[{"@type":"SearchAction","target":{"@type":"EntryPoint","urlTemplate":"https:\/\/www.carloscastrofotografo.com\/tienda\/?s={search_term_string}"},"query-input":{"@type":"PropertyValueSpecification","valueRequired":true,"valueName":"search_term_string"}}],"inLanguage":"es"}]}},"_links":{"self":[{"href":"https:\/\/www.carloscastrofotografo.com\/tienda\/wp-json\/wp\/v2\/product\/3065","targetHints":{"allow":["GET"]}}],"collection":[{"href":"https:\/\/www.carloscastrofotografo.com\/tienda\/wp-json\/wp\/v2\/product"}],"about":[{"href":"https:\/\/www.carloscastrofotografo.com\/tienda\/wp-json\/wp\/v2\/types\/product"}],"replies":[{"embeddable":true,"href":"https:\/\/www.carloscastrofotografo.com\/tienda\/wp-json\/wp\/v2\/comments?post=3065"}],"wp:featuredmedia":[{"embeddable":true,"href":"https:\/\/www.carloscastrofotografo.com\/tienda\/wp-json\/wp\/v2\/media\/3074"}],"wp:attachment":[{"href":"https:\/\/www.carloscastrofotografo.com\/tienda\/wp-json\/wp\/v2\/media?parent=3065"}],"wp:term":[{"taxonomy":"product_cat","embeddable":true,"href":"https:\/\/www.carloscastrofotografo.com\/tienda\/wp-json\/wp\/v2\/product_cat?post=3065"},{"taxonomy":"product_tag","embeddable":true,"href":"https:\/\/www.carloscastrofotografo.com\/tienda\/wp-json\/wp\/v2\/product_tag?post=3065"}],"curies":[{"name":"wp","href":"https:\/\/api.w.org\/{rel}","templated":true}]}}